{"id":12241,"date":"2018-03-06T09:39:26","date_gmt":"2018-03-06T07:39:26","guid":{"rendered":"https:\/\/www.incar.fi\/work-for-us\/job-vacancies\/"},"modified":"2025-09-09T19:40:46","modified_gmt":"2025-09-09T16:40:46","slug":"job-vacancies","status":"publish","type":"page","link":"https:\/\/www.incar.fi\/en\/work-for-us\/job-vacancies\/","title":{"rendered":"Job vacancies"},"content":{"rendered":"\n<h1 class=\"wp-block-heading\">Job vacancies<\/h1>\n\n<p>We are continuously looking for motivated, customer-oriented body repair technicians, car painters, glass installers, supervisors, workshop staff, and a wide range of other automotive professionals to join our growing team. If we don\u2019t currently have an open position that matches your interests, you can also submit an open application <a href=\"https:\/\/www.incar.fi\/en\/work-for-us\/open-application\/\">here<\/a>. <\/p>\n\n<p>Welcome to the InCar family!<\/p>\n\n<hr class=\"wp-block-separator has-text-color has-ast-global-color-1-color has-css-opacity has-ast-global-color-1-background-color has-background alignwide is-style-dots\" \/>\n<div id=\"wpv-view-layout-515\" class=\"js-wpv-view-layout js-wpv-layout-responsive js-wpv-view-layout-515\" data-viewnumber=\"515\" data-pagination=\"{&quot;id&quot;:515,&quot;query&quot;:&quot;normal&quot;,&quot;type&quot;:&quot;disabled&quot;,&quot;effect&quot;:&quot;fade&quot;,&quot;duration&quot;:500,&quot;speed&quot;:5,&quot;pause_on_hover&quot;:&quot;disabled&quot;,&quot;stop_rollover&quot;:&quot;false&quot;,&quot;cache_pages&quot;:&quot;enabled&quot;,&quot;preload_images&quot;:&quot;enabled&quot;,&quot;preload_pages&quot;:&quot;enabled&quot;,&quot;preload_reach&quot;:1,&quot;spinner&quot;:&quot;builtin&quot;,&quot;spinner_image&quot;:&quot;https:\/\/www.incar.fi\/wp-content\/plugins\/wp-views\/embedded\/res\/img\/ajax-loader.gif&quot;,&quot;callback_next&quot;:&quot;&quot;,&quot;manage_history&quot;:&quot;disabled&quot;,&quot;has_controls_in_form&quot;:&quot;disabled&quot;,&quot;infinite_tolerance&quot;:&quot;0&quot;,&quot;max_pages&quot;:0,&quot;page&quot;:1,&quot;base_permalink&quot;:&quot;\/en\/wp-json\/wp\/v2\/pages\/12241?wpv_view_count=515&amp;wpv_paged=WPV_PAGE_NUM&quot;,&quot;loop&quot;:{&quot;type&quot;:&quot;&quot;,&quot;name&quot;:&quot;&quot;,&quot;data&quot;:[],&quot;id&quot;:0}}\" data-permalink=\"\/en\/wp-json\/wp\/v2\/pages\/12241?wpv_view_count=515\">\n\n\t\n<div class=\"featured-items\">\n\t\n\t\n      <a href=\"https:\/\/www.incar.fi\/en\/tyopaikka\/tyonjohtaja-malmi\/\">\n<div class=\"fp-featured box-shadow\">\n  <div class=\"featured-image bg-position\" style=\"background-image: url(https:\/\/www.incar.fi\/media\/2022\/04\/maisema-autolla-800x450.jpg);\"><\/div>\n  <div class=\"service-name tp15 bp15 double-gutter text-bold\">\n    Ty\u00f6njohtaja, Malmi\n    <br>\n    <span class=\"text-light text-small\">Julkaistu: 24.4.2026<\/span>\n  <\/div>\n  <div class=\"double-gutter text-small text-darkgray bp15\">\n    \n    \n    Haku alkaa: 24.4.2026 11:00\n    \n    <br>\n    Haku p\u00e4\u00e4ttyy: 22.5.2026 23:59\n  <\/div>\n <div class=\"bp15 double-gutter text-bold text-small\">Lue lis\u00e4\u00e4 \/ j\u00e4t\u00e4 hakemus<\/div>\n<\/div>\n<\/a>\n\t\n      <a href=\"https:\/\/www.incar.fi\/en\/tyopaikka\/autokorimekaanikko-kivenlahti-espoo\/\">\n<div class=\"fp-featured box-shadow\">\n  <div class=\"featured-image bg-position\" style=\"background-image: url(https:\/\/www.incar.fi\/media\/2022\/04\/maisema-autolla-800x450.jpg);\"><\/div>\n  <div class=\"service-name tp15 bp15 double-gutter text-bold\">\n    Autokorimekaanikko,  Kivenlahti, Espoo\n    <br>\n    <span class=\"text-light text-small\">Julkaistu: 15.4.2026<\/span>\n  <\/div>\n  <div class=\"double-gutter text-small text-darkgray bp15\">\n    \n    \n    Haku alkaa: 15.4.2026 07:00\n    \n    <br>\n    Haku p\u00e4\u00e4ttyy: 12.5.2026 23:59\n  <\/div>\n <div class=\"bp15 double-gutter text-bold text-small\">Lue lis\u00e4\u00e4 \/ j\u00e4t\u00e4 hakemus<\/div>\n<\/div>\n<\/a>\n\t\n      <a href=\"https:\/\/www.incar.fi\/en\/tyopaikka\/kesatyo-autokorimekaanikko-kajaani\/\">\n<div class=\"fp-featured box-shadow\">\n  <div class=\"featured-image bg-position\" style=\"background-image: url(https:\/\/www.incar.fi\/media\/2022\/04\/maisema-autolla-800x450.jpg);\"><\/div>\n  <div class=\"service-name tp15 bp15 double-gutter text-bold\">\n    KES\u00c4TY\u00d6 &#8211; Autokorimekaanikko, Kajaani\n    <br>\n    <span class=\"text-light text-small\">Julkaistu: 13.4.2026<\/span>\n  <\/div>\n  <div class=\"double-gutter text-small text-darkgray bp15\">\n    \n    \n    Haku alkaa: 13.4.2026 09:00\n    \n    <br>\n    Haku p\u00e4\u00e4ttyy: 30.4.2026 23:59\n  <\/div>\n <div class=\"bp15 double-gutter text-bold text-small\">Lue lis\u00e4\u00e4 \/ j\u00e4t\u00e4 hakemus<\/div>\n<\/div>\n<\/a>\n\t\n      <a href=\"https:\/\/www.incar.fi\/en\/tyopaikka\/automaalari-vaasa\/\">\n<div class=\"fp-featured box-shadow\">\n  <div class=\"featured-image bg-position\" style=\"background-image: url(https:\/\/www.incar.fi\/media\/2022\/04\/maisema-autolla-800x450.jpg);\"><\/div>\n  <div class=\"service-name tp15 bp15 double-gutter text-bold\">\n    Automaalari, Vaasa\n    <br>\n    <span class=\"text-light text-small\">Julkaistu: 13.4.2026<\/span>\n  <\/div>\n  <div class=\"double-gutter text-small text-darkgray bp15\">\n    \n    \n    Haku alkaa: 12.3.2026 08:00\n    \n    <br>\n    Haku p\u00e4\u00e4ttyy: 30.4.2026 23:59\n  <\/div>\n <div class=\"bp15 double-gutter text-bold text-small\">Lue lis\u00e4\u00e4 \/ j\u00e4t\u00e4 hakemus<\/div>\n<\/div>\n<\/a>\n\t\n      <a href=\"https:\/\/www.incar.fi\/en\/tyopaikka\/tyonjohtaja-joensuu\/\">\n<div class=\"fp-featured box-shadow\">\n  <div class=\"featured-image bg-position\" style=\"background-image: url(https:\/\/www.incar.fi\/media\/2022\/04\/maisema-autolla-800x450.jpg);\"><\/div>\n  <div class=\"service-name tp15 bp15 double-gutter text-bold\">\n    Ty\u00f6njohtaja, Joensuu\n    <br>\n    <span class=\"text-light text-small\">Julkaistu: 8.4.2026<\/span>\n  <\/div>\n  <div class=\"double-gutter text-small text-darkgray bp15\">\n    \n    \n    Haku alkaa: 8.4.2026 10:00\n    \n    <br>\n    Haku p\u00e4\u00e4ttyy: 6.5.2026 23:59\n  <\/div>\n <div class=\"bp15 double-gutter text-bold text-small\">Lue lis\u00e4\u00e4 \/ j\u00e4t\u00e4 hakemus<\/div>\n<\/div>\n<\/a>\n\t\n      <a href=\"https:\/\/www.incar.fi\/en\/tyopaikka\/tyonjohtaja-ala-tikkurila\/\">\n<div class=\"fp-featured box-shadow\">\n  <div class=\"featured-image bg-position\" style=\"background-image: url(https:\/\/www.incar.fi\/media\/2022\/04\/maisema-autolla-800x450.jpg);\"><\/div>\n  <div class=\"service-name tp15 bp15 double-gutter text-bold\">\n    Ty\u00f6njohtaja, Ala-Tikkurila\n    <br>\n    <span class=\"text-light text-small\">Julkaistu: 7.4.2026<\/span>\n  <\/div>\n  <div class=\"double-gutter text-small text-darkgray bp15\">\n    \n    \n    Haku alkaa: 7.4.2026 09:00\n    \n    <br>\n    Haku p\u00e4\u00e4ttyy: 6.5.2026 23:59\n  <\/div>\n <div class=\"bp15 double-gutter text-bold text-small\">Lue lis\u00e4\u00e4 \/ j\u00e4t\u00e4 hakemus<\/div>\n<\/div>\n<\/a>\n\t\n      <a href=\"https:\/\/www.incar.fi\/en\/tyopaikka\/autokorimekaanikko-kokkola-uusi-korjaamo\/\">\n<div class=\"fp-featured box-shadow\">\n  <div class=\"featured-image bg-position\" style=\"background-image: url(https:\/\/www.incar.fi\/media\/2022\/04\/maisema-autolla-800x450.jpg);\"><\/div>\n  <div class=\"service-name tp15 bp15 double-gutter text-bold\">\n    Autokorimekaanikko,  Kokkola (uusi korjaamo)\n    <br>\n    <span class=\"text-light text-small\">Julkaistu: 30.3.2026<\/span>\n  <\/div>\n  <div class=\"double-gutter text-small text-darkgray bp15\">\n    \n    \n    Haku alkaa: 30.3.2026 14:00\n    \n    <br>\n    Haku p\u00e4\u00e4ttyy: 4.5.2026 23:59\n  <\/div>\n <div class=\"bp15 double-gutter text-bold text-small\">Lue lis\u00e4\u00e4 \/ j\u00e4t\u00e4 hakemus<\/div>\n<\/div>\n<\/a>\n\t\n      <a href=\"https:\/\/www.incar.fi\/en\/tyopaikka\/automaalari-kokkola-uusi-korjaamo\/\">\n<div class=\"fp-featured box-shadow\">\n  <div class=\"featured-image bg-position\" style=\"background-image: url(https:\/\/www.incar.fi\/media\/2022\/04\/maisema-autolla-800x450.jpg);\"><\/div>\n  <div class=\"service-name tp15 bp15 double-gutter text-bold\">\n    Automaalari, Kokkola (uusi korjaamo)\n    <br>\n    <span class=\"text-light text-small\">Julkaistu: 30.3.2026<\/span>\n  <\/div>\n  <div class=\"double-gutter text-small text-darkgray bp15\">\n    \n    \n    Haku alkaa: 30.3.2026 14:00\n    \n    <br>\n    Haku p\u00e4\u00e4ttyy: 4.5.2026 23:59\n  <\/div>\n <div class=\"bp15 double-gutter text-bold text-small\">Lue lis\u00e4\u00e4 \/ j\u00e4t\u00e4 hakemus<\/div>\n<\/div>\n<\/a>\n\t\n      <a href=\"https:\/\/www.incar.fi\/en\/tyopaikka\/autokorimekaanikko-keminmaa-maaraaikainen\/\">\n<div class=\"fp-featured box-shadow\">\n  <div class=\"featured-image bg-position\" style=\"background-image: url(https:\/\/www.incar.fi\/media\/2022\/04\/maisema-autolla-800x450.jpg);\"><\/div>\n  <div class=\"service-name tp15 bp15 double-gutter text-bold\">\n    Autokorimekaanikko,  Keminmaa (m\u00e4\u00e4r\u00e4aikainen)\n    <br>\n    <span class=\"text-light text-small\">Julkaistu: 19.3.2026<\/span>\n  <\/div>\n  <div class=\"double-gutter text-small text-darkgray bp15\">\n    \n    \n    Haku alkaa: 15.4.2026 07:00\n    \n    <br>\n    Haku p\u00e4\u00e4ttyy: 4.5.2026 23:59\n  <\/div>\n <div class=\"bp15 double-gutter text-bold text-small\">Lue lis\u00e4\u00e4 \/ j\u00e4t\u00e4 hakemus<\/div>\n<\/div>\n<\/a>\n\t\n      <a href=\"https:\/\/www.incar.fi\/en\/tyopaikka\/avoin-hakemus-2026\/\">\n<div class=\"fp-featured box-shadow\">\n  <div class=\"featured-image bg-position\" style=\"background-image: url(https:\/\/www.incar.fi\/media\/2022\/04\/maisema-autolla-800x450.jpg);\"><\/div>\n  <div class=\"service-name tp15 bp15 double-gutter text-bold\">\n    Avoin hakemus &#8211; 2026\n    <br>\n    <span class=\"text-light text-small\">Julkaistu: 19.2.2026<\/span>\n  <\/div>\n  <div class=\"double-gutter text-small text-darkgray bp15\">\n    \n    \n    Haku alkaa: 15.1.2026 15:00\n    \n    <br>\n    Haku p\u00e4\u00e4ttyy: \n  <\/div>\n <div class=\"bp15 double-gutter text-bold text-small\">Lue lis\u00e4\u00e4 \/ j\u00e4t\u00e4 hakemus<\/div>\n<\/div>\n<\/a>\n\t\n\t\n<\/div>\n\t\n\t\n<\/div>\n\n","protected":false},"excerpt":{"rendered":"<p>Job vacancies We are continuously looking for motivated, customer-oriented body repair technicians, car painters, glass installers, supervisors, workshop staff, and a wide range of other automotive professionals to join our [&hellip;]<\/p>\n","protected":false},"author":1,"featured_media":6156,"parent":11420,"menu_order":1,"comment_status":"closed","ping_status":"closed","template":"","meta":{"_uag_custom_page_level_css":"","site-sidebar-layout":"default","site-content-layout":"default","ast-site-content-layout":"default","site-content-style":"default","site-sidebar-style":"default","ast-global-header-display":"","ast-banner-title-visibility":"","ast-main-header-display":"","ast-hfb-above-header-display":"","ast-hfb-below-header-display":"","ast-hfb-mobile-header-display":"","site-post-title":"","ast-breadcrumbs-content":"","ast-featured-img":"","footer-sml-layout":"","ast-disable-related-posts":"","theme-transparent-header-meta":"default","adv-header-id-meta":"","stick-header-meta":"default","header-above-stick-meta":"","header-main-stick-meta":"","header-below-stick-meta":"","astra-migrate-meta-layouts":"default","ast-page-background-enabled":"default","ast-page-background-meta":{"desktop":{"background-color":"","background-image":"","background-repeat":"repeat","background-position":"center center","background-size":"auto","background-attachment":"scroll","background-type":"","background-media":"","overlay-type":"","overlay-color":"","overlay-opacity":"","overlay-gradient":""},"tablet":{"background-color":"","background-image":"","background-repeat":"repeat","background-position":"center center","background-size":"auto","background-attachment":"scroll","background-type":"","background-media":"","overlay-type":"","overlay-color":"","overlay-opacity":"","overlay-gradient":""},"mobile":{"background-color":"","background-image":"","background-repeat":"repeat","background-position":"center center","background-size":"auto","background-attachment":"scroll","background-type":"","background-media":"","overlay-type":"","overlay-color":"","overlay-opacity":"","overlay-gradient":""}},"ast-content-background-meta":{"desktop":{"background-color":"var(--ast-global-color-5)","background-image":"","background-repeat":"repeat","background-position":"center center","background-size":"auto","background-attachment":"scroll","background-type":"","background-media":"","overlay-type":"","overlay-color":"","overlay-opacity":"","overlay-gradient":""},"tablet":{"background-color":"var(--ast-global-color-5)","background-image":"","background-repeat":"repeat","background-position":"center center","background-size":"auto","background-attachment":"scroll","background-type":"","background-media":"","overlay-type":"","overlay-color":"","overlay-opacity":"","overlay-gradient":""},"mobile":{"background-color":"var(--ast-global-color-5)","background-image":"","background-repeat":"repeat","background-position":"center center","background-size":"auto","background-attachment":"scroll","background-type":"","background-media":"","overlay-type":"","overlay-color":"","overlay-opacity":"","overlay-gradient":""}},"footnotes":""},"class_list":["post-12241","page","type-page","status-publish","has-post-thumbnail","hentry"],"aioseo_notices":[],"uagb_featured_image_src":{"full":["https:\/\/www.incar.fi\/media\/2022\/03\/Avoimet_paikat.jpg",1920,622,false],"thumbnail":["https:\/\/www.incar.fi\/media\/2022\/03\/Avoimet_paikat-400x130.jpg",400,130,true],"medium":["https:\/\/www.incar.fi\/media\/2022\/03\/Avoimet_paikat-800x259.jpg",800,259,true],"medium_large":["https:\/\/www.incar.fi\/media\/2022\/03\/Avoimet_paikat-768x249.jpg",768,249,true],"large":["https:\/\/www.incar.fi\/media\/2022\/03\/Avoimet_paikat-1200x389.jpg",1200,389,true],"1536x1536":["https:\/\/www.incar.fi\/media\/2022\/03\/Avoimet_paikat-1536x498.jpg",1536,498,true],"2048x2048":["https:\/\/www.incar.fi\/media\/2022\/03\/Avoimet_paikat.jpg",1920,622,false],"gform-image-choice-sm":["https:\/\/www.incar.fi\/media\/2022\/03\/Avoimet_paikat.jpg",300,97,false],"gform-image-choice-md":["https:\/\/www.incar.fi\/media\/2022\/03\/Avoimet_paikat.jpg",400,130,false],"gform-image-choice-lg":["https:\/\/www.incar.fi\/media\/2022\/03\/Avoimet_paikat.jpg",600,194,false]},"uagb_author_info":{"display_name":"Lauri Aaltonen","author_link":"https:\/\/www.incar.fi\/en\/author\/servotuki\/"},"uagb_comment_info":0,"uagb_excerpt":"Job vacancies We are continuously looking for motivated, customer-oriented body repair technicians, car painters, glass installers, supervisors, workshop staff, and a wide range of other automotive professionals to join our [&hellip;]","_links":{"self":[{"href":"https:\/\/www.incar.fi\/en\/wp-json\/wp\/v2\/pages\/12241","targetHints":{"allow":["GET"]}}],"collection":[{"href":"https:\/\/www.incar.fi\/en\/wp-json\/wp\/v2\/pages"}],"about":[{"href":"https:\/\/www.incar.fi\/en\/wp-json\/wp\/v2\/types\/page"}],"author":[{"embeddable":true,"href":"https:\/\/www.incar.fi\/en\/wp-json\/wp\/v2\/users\/1"}],"replies":[{"embeddable":true,"href":"https:\/\/www.incar.fi\/en\/wp-json\/wp\/v2\/comments?post=12241"}],"version-history":[{"count":2,"href":"https:\/\/www.incar.fi\/en\/wp-json\/wp\/v2\/pages\/12241\/revisions"}],"predecessor-version":[{"id":12243,"href":"https:\/\/www.incar.fi\/en\/wp-json\/wp\/v2\/pages\/12241\/revisions\/12243"}],"up":[{"embeddable":true,"href":"https:\/\/www.incar.fi\/en\/wp-json\/wp\/v2\/pages\/11420"}],"wp:featuredmedia":[{"embeddable":true,"href":"https:\/\/www.incar.fi\/en\/wp-json\/wp\/v2\/media\/6156"}],"wp:attachment":[{"href":"https:\/\/www.incar.fi\/en\/wp-json\/wp\/v2\/media?parent=12241"}],"curies":[{"name":"wp","href":"https:\/\/api.w.org\/{rel}","templated":true}]}}