{"id":11959,"date":"2021-04-14T16:49:10","date_gmt":"2021-04-14T13:49:10","guid":{"rendered":"https:\/\/www.incar.fi\/palvelut\/byte-av-vindruta\/"},"modified":"2025-09-07T11:30:15","modified_gmt":"2025-09-07T08:30:15","slug":"byte-av-vindruta","status":"publish","type":"palvelu","link":"https:\/\/www.incar.fi\/sv\/palvelut\/byte-av-vindruta\/","title":{"rendered":"Byte av vindruta"},"content":{"rendered":"\n<div id=\"tuulilasipalvelu\" class=\"wp-block-uagb-container uagb-block-6e7005f3 alignfull uagb-is-root-container\"><div class=\"uagb-container-inner-blocks-wrap\">\n<div class=\"wp-block-columns are-vertically-aligned-center is-layout-flex wp-container-core-columns-is-layout-28f84493 wp-block-columns-is-layout-flex\">\n<div class=\"wp-block-column is-vertically-aligned-center is-layout-flow wp-block-column-is-layout-flow\" style=\"flex-basis:50%\">\n<h1 class=\"wp-block-heading\"><strong><strong>Byte av vindruta \u2013 n\u00e4r reparation inte r\u00e4cker<\/strong><\/strong><\/h1>\n\n\n\n<p>Om bilens vindruta spricker eller skadas kraftigt kan glaset beh\u00f6va bytas. Vindrutan \u00e4r en del av bilens b\u00e4rande konstruktion, d\u00e4rf\u00f6r \u00e4r ett fackmannam\u00e4ssigt byte avg\u00f6rande ocks\u00e5 f\u00f6r s\u00e4kerheten. <\/p>\n\n\n\n<p>Sprickor b\u00f6r \u00e5tg\u00e4rdas omedelbart. <a href=\"https:\/\/varaa.incar.fi\/?service=TuulilasinVaihto\" target=\"_blank\" rel=\"noreferrer noopener\">Boka tid<\/a> via v\u00e5r webbplats s\u00e5 g\u00e5r vindrutebytet smidigt. <\/p>\n\n\n\n<div class=\"wp-block-buttons is-vertical is-layout-flex wp-container-core-buttons-is-layout-ec8da7d2 wp-block-buttons-is-layout-flex\" style=\"padding-top:0;padding-bottom:0\">\n<div class=\"wp-block-button\"><a class=\"wp-block-button__link wp-element-button\" href=\"https:\/\/varaa.incar.fi\/?service=TuulilasinVaihto\">Boka tid h\u00e4r<\/a><\/div>\n<\/div>\n<\/div>\n\n\n\n<div class=\"wp-block-column is-vertically-aligned-center is-layout-flow wp-block-column-is-layout-flow\" style=\"flex-basis:50%\">\n<div class=\"wp-block-uagb-image uagb-block-bc024bc7 wp-block-uagb-image--layout-default wp-block-uagb-image--effect-static wp-block-uagb-image--align-none\"><figure class=\"wp-block-uagb-image__figure\"><img decoding=\"async\" srcset=\"https:\/\/www.incar.fi\/media\/2021\/04\/Tuulilasin-vaihto-InCar-1200x800.jpg ,https:\/\/www.incar.fi\/media\/2021\/04\/Tuulilasin-vaihto-InCar-scaled.jpg 780w, https:\/\/www.incar.fi\/media\/2021\/04\/Tuulilasin-vaihto-InCar-scaled.jpg 360w\" sizes=\"(max-width: 480px) 150px\" src=\"https:\/\/www.incar.fi\/media\/2021\/04\/Tuulilasin-vaihto-InCar-1200x800.jpg\" alt=\"Byte av vindruta \u2013 n\u00e4r reparation inte r\u00e4cker \u2013 Boka tid!\" class=\"uag-image-10982\" width=\"1200\" height=\"675\" title=\"Byte av vindruta \u2013 InCar\" role=\"img\"><\/figure><\/div>\n<\/div>\n<\/div>\n<\/div><\/div>\n\n<div id=\"ota-yhteytta\" class=\"wp-block-uagb-container uagb-block-0b0b96a5 alignfull uagb-is-root-container\"><div class=\"uagb-container-inner-blocks-wrap\">\n<div class=\"wp-block-uagb-container uagb-block-29857247\">\n<div class=\"wp-block-uagb-info-box uagb-block-83570d0f uagb-infobox__content-wrap  uagb-infobox-icon-above-title uagb-infobox-image-valign-top\"><div class=\"uagb-ifb-content\"><div class=\"uagb-ifb-title-wrap\"><span class=\"uagb-ifb-title-prefix\">Bilglasservice<\/span><h3 class=\"uagb-ifb-title\">Hitta n\u00e4rmaste InCar-servicest\u00e4lle<\/h3><\/div><p class=\"uagb-ifb-desc\">Byte och reparation av vindrutor samt kalibrering av glas f\u00f6r alla bilm\u00e4rken. InCars n\u00e4tverk av glasverkst\u00e4der omfattar mer \u00e4n 60 platser runt om i Finland. <\/p><div class=\"uagb-ifb-button-wrapper wp-block-button\"><a href=\"https:\/\/www.incar.fi\/sv\/verkstader\/\" target=\"_self\" onclick=\"return true;\" class=\"uagb-infobox-cta-link\" rel=\"noopener noreferrer\"><span class=\"uagb-inline-editing\">Servicepunkter f\u00f6r bilglas<\/span><svg xmlns=\"https:\/\/www.w3.org\/2000\/svg\" viewbox=\"0 0 512 512\"><path d=\"M504.3 273.6l-112.1 104c-6.992 6.484-17.18 8.218-25.94 4.406c-8.758-3.812-14.42-12.45-14.42-21.1L351.9 288H32C14.33 288 .0002 273.7 .0002 255.1S14.33 224 32 224h319.9l0-72c0-9.547 5.66-18.19 14.42-22c8.754-3.809 18.95-2.075 25.94 4.41l112.1 104C514.6 247.9 514.6 264.1 504.3 273.6z\"><\/path><\/svg><\/a><\/div><\/div><\/div>\n<\/div>\n\n\n\n<div class=\"wp-block-uagb-container uagb-block-c52a217c\">\n<div class=\"wp-block-uagb-info-box uagb-block-60353a34 uagb-infobox__content-wrap  uagb-infobox-icon-above-title uagb-infobox-image-valign-top\"><div class=\"uagb-ifb-content\"><div class=\"uagb-ifb-title-wrap\"><span class=\"uagb-ifb-title-prefix\">Reparation av vindruta medan du v\u00e4ntar<\/span><h3 class=\"uagb-ifb-title\">Beh\u00f6ver du reparera vindrutan?<\/h3><\/div><p class=\"uagb-ifb-desc\">Ett stenskott kan ge en s.k. \u201dbull\u2019s eye\u201d. Reparera stenskott s\u00e5 snart som m\u00f6jligt s\u00e5 att skadan inte sprider sig.  <\/p><div class=\"uagb-ifb-button-wrapper wp-block-button\"><a href=\"https:\/\/www.incar.fi\/palvelut\/tuulilasin-korjaus-odottaessa\/\" target=\"_self\" onclick=\"return true;\" class=\"uagb-infobox-cta-link\" rel=\"noopener noreferrer\"><span class=\"uagb-inline-editing\">Reparation av vindruta<\/span><svg xmlns=\"https:\/\/www.w3.org\/2000\/svg\" viewbox=\"0 0 512 512\"><path d=\"M504.3 273.6l-112.1 104c-6.992 6.484-17.18 8.218-25.94 4.406c-8.758-3.812-14.42-12.45-14.42-21.1L351.9 288H32C14.33 288 .0002 273.7 .0002 255.1S14.33 224 32 224h319.9l0-72c0-9.547 5.66-18.19 14.42-22c8.754-3.809 18.95-2.075 25.94 4.41l112.1 104C514.6 247.9 514.6 264.1 504.3 273.6z\"><\/path><\/svg><\/a><\/div><\/div><\/div>\n<\/div>\n\n\n\n<div class=\"wp-block-uagb-container uagb-block-39990202\">\n<div class=\"wp-block-uagb-info-box uagb-block-4610fe0b uagb-infobox__content-wrap  uagb-infobox-icon-above-title uagb-infobox-image-valign-top\"><div class=\"uagb-ifb-content\"><div class=\"uagb-ifb-title-wrap\"><span class=\"uagb-ifb-title-prefix\">Kundtj\u00e4nst<\/span><h3 class=\"uagb-ifb-title\">V\u00e5r kundservice hj\u00e4lper dig<\/h3><\/div><p class=\"uagb-ifb-desc\">V\u00e5r kundtj\u00e4nst finns tillg\u00e4nglig under verkst\u00e4dernas \u00f6ppettider och hj\u00e4lper dig i alla fr\u00e5gor som r\u00f6r v\u00e5ra tj\u00e4nster. <\/p><div class=\"uagb-ifb-button-wrapper wp-block-button\"><a href=\"https:\/\/www.incar.fi\/sv\/kundservice\/\" target=\"_self\" onclick=\"return true;\" class=\"uagb-infobox-cta-link\" rel=\"noopener noreferrer\"><span class=\"uagb-inline-editing\">Kundtj\u00e4nst<\/span><svg xmlns=\"https:\/\/www.w3.org\/2000\/svg\" viewbox=\"0 0 512 512\"><path d=\"M504.3 273.6l-112.1 104c-6.992 6.484-17.18 8.218-25.94 4.406c-8.758-3.812-14.42-12.45-14.42-21.1L351.9 288H32C14.33 288 .0002 273.7 .0002 255.1S14.33 224 32 224h319.9l0-72c0-9.547 5.66-18.19 14.42-22c8.754-3.809 18.95-2.075 25.94 4.41l112.1 104C514.6 247.9 514.6 264.1 504.3 273.6z\"><\/path><\/svg><\/a><\/div><\/div><\/div>\n<\/div>\n<\/div><\/div>\n\n<div id=\"tuulilasin-vaihto\" class=\"wp-block-uagb-container uagb-block-50653176 alignfull uagb-is-root-container\"><div class=\"uagb-container-inner-blocks-wrap\">\n<div class=\"wp-block-columns are-vertically-aligned-top is-layout-flex wp-container-core-columns-is-layout-28f84493 wp-block-columns-is-layout-flex\">\n<div class=\"wp-block-column is-vertically-aligned-top is-layout-flow wp-block-column-is-layout-flow\" style=\"flex-basis:50%\">\n<h2 class=\"wp-block-heading\">Byte av vindruta snabbt och effektivt<\/h2>\n\n\n\n<p>Vindrutebyte g\u00f6rs p\u00e5 en dag hos InCar. Vi anv\u00e4nder Saint-Gobain Sekurit och Pilkington \u2013 motsvarande tillverkarens originalglas. Om din f\u00f6rs\u00e4kring t\u00e4cker vindrutsskador betalar du i regel endast sj\u00e4lvrisken.  <\/p>\n\n\n\n<h2 class=\"wp-block-heading\">Spricka i vindrutan \u2013 kostnadsfri bed\u00f6mning<\/h2>\n\n\n\n<p>Os\u00e4ker p\u00e5 om <a rel=\"noreferrer noopener\" href=\"https:\/\/www.incar.fi\/palvelut\/tuulilasin-korjaus-odottaessa\/\" target=\"_blank\">reparation <\/a>r\u00e4cker eller om rutan m\u00e5ste bytas? Bes\u00f6k din <a rel=\"noreferrer noopener\" href=\"https:\/\/www.incar.fi\/sv\/verkstader\/\" target=\"_blank\">n\u00e4rmaste InCar-verkstad<\/a> s\u00e5 bed\u00f6mer vi vindrutans skick \u2013 kostnadsfritt. <\/p>\n\n\n\n<h2 class=\"wp-block-heading\">S\u00e4kerhet och kvalitet f\u00f6rst hos oss<\/h2>\n\n\n\n<p>Vi fokuserar p\u00e5 s\u00e4kerhet och professionell service. N\u00e4r din vindruta beh\u00f6ver repareras eller bytas kan du lita p\u00e5 InCar \u2013 vi ser till b\u00e5de bilens och passagerarnas s\u00e4kerhet. V\u00e5rt arbete h\u00e5ller h\u00f6g kvalitet och processen \u00e4r s\u00e5 smidig som m\u00f6jligt.   <\/p>\n<\/div>\n\n\n\n<div class=\"wp-block-column is-vertically-aligned-top is-layout-flow wp-block-column-is-layout-flow\" style=\"flex-basis:50%\">\n<h2 class=\"wp-block-heading\">Vindruta och f\u00f6rarassistanssystem (ADAS) hos InCar<\/h2>\n\n\n\n<p>M\u00e5nga f\u00f6rarassistanssystem sitter vid vindrutan. Det g\u00e4ller t.ex. radar och kameror f\u00f6r adaptiv farth\u00e5llare (ACC), filh\u00e5llningsassistent (LKA) och automatisk n\u00f6dbroms (AEB).  <\/p>\n\n\n\n<p>D\u00e4rf\u00f6r ska r\u00e4tt vindruta monteras av en utbildad glasmont\u00f6r. F\u00f6r att systemen ska fungera korrekt kalibrerar vi alltid ADAS enligt biltillverkarens specifikationer efter vindrutebyte. Kalibrering g\u00f6rs med s\u00e4rskild utrustning i verkstaden eller via v\u00e4gkalibrering f\u00f6re leverans.  <\/p>\n\n\n\n<div class=\"wp-block-group has-ast-global-color-5-color has-ast-global-color-1-background-color has-text-color has-background has-link-color wp-elements-41f8c89ea3c1eae89671e9f9f822d024 is-layout-constrained wp-container-core-group-is-layout-f611be13 wp-block-group-is-layout-constrained\" style=\"padding-top:var(--wp--preset--spacing--50);padding-right:var(--wp--preset--spacing--50);padding-bottom:var(--wp--preset--spacing--50);padding-left:var(--wp--preset--spacing--50)\"><div class=\"wp-block-group__inner-container\">\n<h4 class=\"wp-block-heading has-ast-global-color-5-color has-text-color has-link-color wp-elements-cf6556a947fabddb157706b1384464d8\">Bes\u00f6k ocks\u00e5 v\u00e5r vindrutesajt!<\/h4>\n\n\n\n<p class=\"has-ast-global-color-5-color has-text-color has-link-color wp-elements-060d2d604e3989595eec9df32a8048d2\" style=\"font-size:16px;line-height:1.4\"><a href=\"https:\/\/tuulilasipalvelu.incar.fi\/sv\/\" target=\"_blank\" rel=\"noopener\" title=\"\"><strong>Tuulilasipalvelu.incar.fi<\/strong><\/a> \u00e4r v\u00e5r specialiserade webbplats f\u00f6r byte och reparation av vindrutor. D\u00e4r hittar du information och kan boka tid f\u00f6r glasjobb p\u00e5 InCars enheter runtom i Finland. Den tydliga bokningen g\u00f6r best\u00e4llningen snabb och enkel.  <\/p>\n<\/div><\/div>\n<\/div>\n<\/div>\n\n\n\n<div style=\"height:20px\" aria-hidden=\"true\" class=\"wp-block-spacer\"><\/div>\n<\/div><\/div>\n\n<div id=\"muistilista\" class=\"wp-block-uagb-container uagb-block-0e9eff8a alignfull uagb-is-root-container\"><div class=\"uagb-container-inner-blocks-wrap\">\n<div class=\"wp-block-columns are-vertically-aligned-center is-layout-flex wp-container-core-columns-is-layout-28f84493 wp-block-columns-is-layout-flex\">\n<div class=\"wp-block-column is-vertically-aligned-center is-layout-flow wp-block-column-is-layout-flow\" style=\"flex-basis:50%\">\n<h2 class=\"wp-block-heading has-text-align-left\">Efter vindrutebytet \u2013 checklista<\/h2>\n\n\n\n<div class=\"wp-block-uagb-icon-list uagb-block-0167d35c\"><div class=\"uagb-icon-list__wrap\">\n<div class=\"wp-block-uagb-icon-list-child uagb-block-8447d9a9\"><span class=\"uagb-icon-list__source-wrap\"><svg xmlns=\"https:\/\/www.w3.org\/2000\/svg\" viewbox=\"0 0 512 512\"><path d=\"M256 0C114.6 0 0 114.6 0 256c0 141.4 114.6 256 256 256s256-114.6 256-256C512 114.6 397.4 0 256 0zM406.6 278.6l-103.1 103.1c-12.5 12.5-32.75 12.5-45.25 0s-12.5-32.75 0-45.25L306.8 288H128C110.3 288 96 273.7 96 256s14.31-32 32-32h178.8l-49.38-49.38c-12.5-12.5-12.5-32.75 0-45.25s32.75-12.5 45.25 0l103.1 103.1C414.6 241.3 416 251.1 416 256C416 260.9 414.6 270.7 406.6 278.6z\"><\/path><\/svg><\/span><span class=\"uagb-icon-list__label\"><strong>Reng\u00f6ring av torkarblad<\/strong><br\/>N\u00e4r du borstar bort sn\u00f6, reng\u00f6r ocks\u00e5 bladen fr\u00e5n is. Is och smuts kan skada b\u00e5de bladen och vindrutan. <\/span><\/div>\n\n\n\n<div class=\"wp-block-uagb-icon-list-child uagb-block-59a6d727\"><span class=\"uagb-icon-list__source-wrap\"><svg xmlns=\"https:\/\/www.w3.org\/2000\/svg\" viewbox=\"0 0 512 512\"><path d=\"M256 0C114.6 0 0 114.6 0 256c0 141.4 114.6 256 256 256s256-114.6 256-256C512 114.6 397.4 0 256 0zM406.6 278.6l-103.1 103.1c-12.5 12.5-32.75 12.5-45.25 0s-12.5-32.75 0-45.25L306.8 288H128C110.3 288 96 273.7 96 256s14.31-32 32-32h178.8l-49.38-49.38c-12.5-12.5-12.5-32.75 0-45.25s32.75-12.5 45.25 0l103.1 103.1C414.6 241.3 416 251.1 416 256C416 260.9 414.6 270.7 406.6 278.6z\"><\/path><\/svg><\/span><span class=\"uagb-icon-list__label\"><strong>Byt torkarblad<\/strong><br\/>Byt bladen i samband med vindrutebytet \u2013 slitna blad kan repa den nya rutan. Ett bra par kostar oftast n\u00e5gra tiotals euro och \u00e4r v\u00e4rt det f\u00f6r b\u00e5de komfort och s\u00e4kerhet. Vi kan montera nya blad i samband med glasbytet \u2013 n\u00e4mn det vid bokningen eller p\u00e5 verkstaden.    <\/span><\/div>\n\n\n\n<div class=\"wp-block-uagb-icon-list-child uagb-block-535f2777\"><span class=\"uagb-icon-list__source-wrap\"><svg xmlns=\"https:\/\/www.w3.org\/2000\/svg\" viewbox=\"0 0 512 512\"><path d=\"M256 0C114.6 0 0 114.6 0 256c0 141.4 114.6 256 256 256s256-114.6 256-256C512 114.6 397.4 0 256 0zM406.6 278.6l-103.1 103.1c-12.5 12.5-32.75 12.5-45.25 0s-12.5-32.75 0-45.25L306.8 288H128C110.3 288 96 273.7 96 256s14.31-32 32-32h178.8l-49.38-49.38c-12.5-12.5-12.5-32.75 0-45.25s32.75-12.5 45.25 0l103.1 103.1C414.6 241.3 416 251.1 416 256C416 260.9 414.6 270.7 406.6 278.6z\"><\/path><\/svg><\/span><span class=\"uagb-icon-list__label\"><strong>Stenskott? Anv\u00e4nd glaspl\u00e5ster.<\/strong><br\/>Ta g\u00e4rna med ett glaspl\u00e5ster fr\u00e5n InCar och f\u00f6rvara det i handskfacket. S\u00e4tt pl\u00e5stret p\u00e5 ett nytt stenskott som \u201df\u00f6rsta hj\u00e4lpen\u201d tills du kommer till oss.<\/span><\/div>\n\n\n\n<div class=\"wp-block-uagb-icon-list-child uagb-block-a22852cf\"><span class=\"uagb-icon-list__source-wrap\"><svg xmlns=\"https:\/\/www.w3.org\/2000\/svg\" viewbox=\"0 0 512 512\"><path d=\"M256 0C114.6 0 0 114.6 0 256c0 141.4 114.6 256 256 256s256-114.6 256-256C512 114.6 397.4 0 256 0zM406.6 278.6l-103.1 103.1c-12.5 12.5-32.75 12.5-45.25 0s-12.5-32.75 0-45.25L306.8 288H128C110.3 288 96 273.7 96 256s14.31-32 32-32h178.8l-49.38-49.38c-12.5-12.5-12.5-32.75 0-45.25s32.75-12.5 45.25 0l103.1 103.1C414.6 241.3 416 251.1 416 256C416 260.9 414.6 270.7 406.6 278.6z\"><\/path><\/svg><\/span><span class=\"uagb-icon-list__label\"><strong>Isskrapan \u00e4r vindrutans v\u00e4n<\/strong><br\/>Se till att isskrapan \u00e4r i gott skick och undvik andra metoder (t.ex. varmt vatten). Trafikskyddet rekommenderar att alla rutor \u2013 \u00e4ven speglar \u2013 \u00e4r rena innan du k\u00f6r. F\u00f6rvara inte isskrapan i fotutrymmet d\u00e4r den kan kila sig under broms- eller gaspedalen.  <\/span><\/div>\n<\/div><\/div>\n<\/div>\n\n\n\n<div class=\"wp-block-column is-vertically-aligned-center is-layout-flow wp-block-column-is-layout-flow\" style=\"flex-basis:50%\">\n<figure class=\"wp-block-image size-large\"><img decoding=\"async\" width=\"1093\" height=\"1093\" src=\"https:\/\/www.incar.fi\/media\/2025\/04\/InCar_Videolle_PB_Final_4-edited.jpg\" alt=\"\" class=\"wp-image-11042\" srcset=\"https:\/\/www.incar.fi\/media\/2025\/04\/InCar_Videolle_PB_Final_4-edited.jpg 1093w, https:\/\/www.incar.fi\/media\/2025\/04\/InCar_Videolle_PB_Final_4-edited-800x800.jpg 800w, https:\/\/www.incar.fi\/media\/2025\/04\/InCar_Videolle_PB_Final_4-edited-400x400.jpg 400w, https:\/\/www.incar.fi\/media\/2025\/04\/InCar_Videolle_PB_Final_4-edited-768x768.jpg 768w\" sizes=\"(max-width: 1093px) 100vw, 1093px\" \/><\/figure>\n<\/div>\n<\/div>\n<\/div><\/div>\n\n<div id=\"incar\" class=\"wp-block-uagb-container uagb-block-04be745f alignfull uagb-is-root-container\"><div class=\"uagb-container-inner-blocks-wrap\">\n<div class=\"wp-block-columns is-layout-flex wp-container-core-columns-is-layout-28f84493 wp-block-columns-is-layout-flex\">\n<div class=\"wp-block-column is-layout-flow wp-block-column-is-layout-flow\">\n<h2 class=\"wp-block-heading has-text-align-left\">InCar \u00e4r en finl\u00e4ndsk pionj\u00e4r inom skade\u00adreparation<\/h2>\n\n\n\n<p>I dag \u00e4r InCar Finlands ledande skadeverkstadskedja och en pionj\u00e4r i branschens utveckling, med \u00f6ver <strong>500 <\/strong>medarbetare som utm\u00e4rker sig i sitt arbete p\u00e5 mer \u00e4n <strong>60 <\/strong>verkst\u00e4der runtom i landet. <\/p>\n\n\n\n<p>V\u00e5rt m\u00e5l \u00e4r att minska den irritation och stress som bilister upplever vid och efter en skada. Det l\u00e5ter kanske om\u00f6jligt, men vi r\u00e4tar ut bucklor \u2013 i b\u00e5de bilar och bransch \u2013 varje dag. <\/p>\n\n\n\n<div class=\"wp-block-group is-nowrap is-layout-flex wp-container-core-group-is-layout-bcde1d39 wp-block-group-is-layout-flex\" style=\"padding-top:0;padding-right:0;padding-bottom:0;padding-left:0\">\n<figure class=\"wp-block-image aligncenter size-full is-resized\" style=\"margin-top:0;margin-right:0;margin-bottom:0;margin-left:0\"><img decoding=\"async\" width=\"150\" height=\"215\" src=\"https:\/\/www.incar.fi\/media\/2021\/10\/ic-avainlippu.png\" alt=\"Nyckelflaggan visar att produkten eller tj&#xE4;nsten &#xE4;r tillverkad eller utf&#xF6;rd i Finland och skapar arbetstillf&#xE4;llen h&#xE4;r.\" class=\"wp-image-5446\" style=\"width:80px\"\/><\/figure>\n\n\n\n<p style=\"margin-top:0;margin-right:0;margin-bottom:0;margin-left:0;padding-top:0;padding-right:0;padding-bottom:0;padding-left:0\"><em>Nyckelflaggan visar att produkten eller tj\u00e4nsten \u00e4r tillverkad eller utf\u00f6rd i Finland och skapar arbetstillf\u00e4llen h\u00e4r.<\/em><\/p>\n<\/div>\n\n\n\n<div class=\"wp-block-buttons is-layout-flex wp-block-buttons-is-layout-flex\">\n<div class=\"wp-block-button\"><a class=\"wp-block-button__link wp-element-button\" href=\"https:\/\/www.incar.fi\/sv\/incar-ab\/\">Ta bilen till oss<\/a><\/div>\n<\/div>\n<\/div>\n\n\n\n<div class=\"wp-block-column is-vertically-aligned-center is-layout-flow wp-block-column-is-layout-flow\">\n<figure class=\"wp-block-image size-full\"><img decoding=\"async\" width=\"786\" height=\"524\" src=\"https:\/\/www.incar.fi\/media\/2017\/11\/InCar-vauriokorjauksen-edellakavija.png\" alt=\"\" class=\"wp-image-10956\" style=\"aspect-ratio:4\/3;object-fit:cover\" srcset=\"https:\/\/www.incar.fi\/media\/2017\/11\/InCar-vauriokorjauksen-edellakavija.png 786w, https:\/\/www.incar.fi\/media\/2017\/11\/InCar-vauriokorjauksen-edellakavija-400x267.png 400w, https:\/\/www.incar.fi\/media\/2017\/11\/InCar-vauriokorjauksen-edellakavija-768x512.png 768w\" sizes=\"(max-width: 786px) 100vw, 786px\" \/><\/figure>\n<\/div>\n<\/div>\n<\/div><\/div>\n\n<div id=\"vakuutusyhtiot\" class=\"wp-block-uagb-container uagb-block-8af3b4c5 alignfull uagb-is-root-container\"><div class=\"uagb-container-inner-blocks-wrap\">\n<div class=\"wp-block-uagb-container uagb-block-da64c47b\">\n<div class=\"wp-block-uagb-container uagb-block-da64c47b alignfull uagb-is-root-container\"><div class=\"uagb-container-inner-blocks-wrap\">\n<h2 class=\"wp-block-heading has-text-align-center\">Vi \u00e4r partner till alla f\u00f6rs\u00e4kringsbolag<\/h2>\n\n\n\t\t\t\t\t<div\n\t\t\t\t\t\tclass=\"wp-block-uagb-image-gallery uagb-block-23858bef     \"\n\t\t\t\t\t\tstyle=\"\"\n\t\t\t\t\t>\n\t\t\t\t\t\t\t\t\t\t\t<div class=\"spectra-image-gallery spectra-image-gallery__layout--carousel\">\n\t\t\t\t\t\t\t\t<div class=\"uagb-slick-carousel uagb-block-23858bef\">\n\t\t\t\t\t\t\t\t\t\t\t\t<div class='spectra-image-gallery__media-wrapper' data-spectra-gallery-image-id='2071'>\n\t\t\t\t\t\t\t<div class=\"spectra-image-gallery__media spectra-image-gallery__media--carousel\">\n\t\t\t\t<picture>\n\t\t\t\t\t<source media=\"(min-width: 1024px)\" srcset=\"https:\/\/www.incar.fi\/media\/2020\/01\/ic_chromebook_bookmarks_if.jpg\">\n\t\t\t\t\t<source media=\"(min-width: 768px)\" srcset=\"https:\/\/www.incar.fi\/media\/2020\/01\/ic_chromebook_bookmarks_if.jpg\">\n\t\t\t\t\t<img decoding=\"async\" class=\"spectra-image-gallery__media-thumbnail spectra-image-gallery__media-thumbnail--carousel\" src=\"https:\/\/www.incar.fi\/media\/2020\/01\/ic_chromebook_bookmarks_if.jpg\" alt=\"IF\" loading=\"lazy\" \/>\n\t\t\t\t<\/picture>\n\t\t\t\t<div class=\"spectra-image-gallery__media-thumbnail-blurrer\"><\/div>\n\t\t\t\t\t\t\t\t\t\t\t<div class=\"spectra-image-gallery__media-thumbnail-caption-wrapper spectra-image-gallery__media-thumbnail-caption-wrapper--overlay\">\n\t\t\t\t\t\t\t\t\t\t\t<div class=\"spectra-image-gallery__media-thumbnail-caption spectra-image-gallery__media-thumbnail-caption--overlay\">\n\t\t\t\t\tIf Vakuutusyhti\u00f6\t\t\t\t<\/div>\n\t\t\t\t\t\t\t\t\t\t<\/div>\n\t\t\t\t\t\t\t\t\t<\/div>\n\t\t\t\t\t\t<\/div>\n\t\t\t\t\t\t<div class='spectra-image-gallery__media-wrapper' data-spectra-gallery-image-id='2072'>\n\t\t\t\t\t\t\t<div class=\"spectra-image-gallery__media spectra-image-gallery__media--carousel\">\n\t\t\t\t<picture>\n\t\t\t\t\t<source media=\"(min-width: 1024px)\" srcset=\"https:\/\/www.incar.fi\/media\/2020\/01\/ic_chromebook_bookmarks_lahitapiola.jpg\">\n\t\t\t\t\t<source media=\"(min-width: 768px)\" srcset=\"https:\/\/www.incar.fi\/media\/2020\/01\/ic_chromebook_bookmarks_lahitapiola.jpg\">\n\t\t\t\t\t<img decoding=\"async\" class=\"spectra-image-gallery__media-thumbnail spectra-image-gallery__media-thumbnail--carousel\" src=\"https:\/\/www.incar.fi\/media\/2020\/01\/ic_chromebook_bookmarks_lahitapiola.jpg\" alt=\"\" loading=\"lazy\" \/>\n\t\t\t\t<\/picture>\n\t\t\t\t<div class=\"spectra-image-gallery__media-thumbnail-blurrer\"><\/div>\n\t\t\t\t\t\t\t\t\t\t\t<div class=\"spectra-image-gallery__media-thumbnail-caption-wrapper spectra-image-gallery__media-thumbnail-caption-wrapper--overlay\">\n\t\t\t\t\t\t\t\t\t\t\t<div class=\"spectra-image-gallery__media-thumbnail-caption spectra-image-gallery__media-thumbnail-caption--overlay\">\n\t\t\t\t\tL\u00e4hiTapiola\t\t\t\t<\/div>\n\t\t\t\t\t\t\t\t\t\t<\/div>\n\t\t\t\t\t\t\t\t\t<\/div>\n\t\t\t\t\t\t<\/div>\n\t\t\t\t\t\t<div class='spectra-image-gallery__media-wrapper' data-spectra-gallery-image-id='2070'>\n\t\t\t\t\t\t\t<div class=\"spectra-image-gallery__media spectra-image-gallery__media--carousel\">\n\t\t\t\t<picture>\n\t\t\t\t\t<source media=\"(min-width: 1024px)\" srcset=\"https:\/\/www.incar.fi\/media\/2020\/01\/ic_chromebook_bookmarks_pohjola.jpg\">\n\t\t\t\t\t<source media=\"(min-width: 768px)\" srcset=\"https:\/\/www.incar.fi\/media\/2020\/01\/ic_chromebook_bookmarks_pohjola.jpg\">\n\t\t\t\t\t<img decoding=\"async\" class=\"spectra-image-gallery__media-thumbnail spectra-image-gallery__media-thumbnail--carousel\" src=\"https:\/\/www.incar.fi\/media\/2020\/01\/ic_chromebook_bookmarks_pohjola.jpg\" alt=\"\" loading=\"lazy\" \/>\n\t\t\t\t<\/picture>\n\t\t\t\t<div class=\"spectra-image-gallery__media-thumbnail-blurrer\"><\/div>\n\t\t\t\t\t\t\t\t\t\t\t<div class=\"spectra-image-gallery__media-thumbnail-caption-wrapper spectra-image-gallery__media-thumbnail-caption-wrapper--overlay\">\n\t\t\t\t\t\t\t\t\t\t\t<div class=\"spectra-image-gallery__media-thumbnail-caption spectra-image-gallery__media-thumbnail-caption--overlay\">\n\t\t\t\t\tPohjola\t\t\t\t<\/div>\n\t\t\t\t\t\t\t\t\t\t<\/div>\n\t\t\t\t\t\t\t\t\t<\/div>\n\t\t\t\t\t\t<\/div>\n\t\t\t\t\t\t<div class='spectra-image-gallery__media-wrapper' data-spectra-gallery-image-id='2069'>\n\t\t\t\t\t\t\t<div class=\"spectra-image-gallery__media spectra-image-gallery__media--carousel\">\n\t\t\t\t<picture>\n\t\t\t\t\t<source media=\"(min-width: 1024px)\" srcset=\"https:\/\/www.incar.fi\/media\/2020\/01\/ic_chromebook_bookmarks_pop.jpg\">\n\t\t\t\t\t<source media=\"(min-width: 768px)\" srcset=\"https:\/\/www.incar.fi\/media\/2020\/01\/ic_chromebook_bookmarks_pop.jpg\">\n\t\t\t\t\t<img decoding=\"async\" class=\"spectra-image-gallery__media-thumbnail spectra-image-gallery__media-thumbnail--carousel\" src=\"https:\/\/www.incar.fi\/media\/2020\/01\/ic_chromebook_bookmarks_pop.jpg\" alt=\"\" loading=\"lazy\" \/>\n\t\t\t\t<\/picture>\n\t\t\t\t<div class=\"spectra-image-gallery__media-thumbnail-blurrer\"><\/div>\n\t\t\t\t\t\t\t\t\t\t\t<div class=\"spectra-image-gallery__media-thumbnail-caption-wrapper spectra-image-gallery__media-thumbnail-caption-wrapper--overlay\">\n\t\t\t\t\t\t\t\t\t\t\t<div class=\"spectra-image-gallery__media-thumbnail-caption spectra-image-gallery__media-thumbnail-caption--overlay\">\n\t\t\t\t\tPOP Vakuutus\t\t\t\t<\/div>\n\t\t\t\t\t\t\t\t\t\t<\/div>\n\t\t\t\t\t\t\t\t\t<\/div>\n\t\t\t\t\t\t<\/div>\n\t\t\t\t\t\t<div class='spectra-image-gallery__media-wrapper' data-spectra-gallery-image-id='2068'>\n\t\t\t\t\t\t\t<div class=\"spectra-image-gallery__media spectra-image-gallery__media--carousel\">\n\t\t\t\t<picture>\n\t\t\t\t\t<source media=\"(min-width: 1024px)\" srcset=\"https:\/\/www.incar.fi\/media\/2020\/01\/ic_chromebook_bookmarks_pohjantahti.jpg\">\n\t\t\t\t\t<source media=\"(min-width: 768px)\" srcset=\"https:\/\/www.incar.fi\/media\/2020\/01\/ic_chromebook_bookmarks_pohjantahti.jpg\">\n\t\t\t\t\t<img decoding=\"async\" class=\"spectra-image-gallery__media-thumbnail spectra-image-gallery__media-thumbnail--carousel\" src=\"https:\/\/www.incar.fi\/media\/2020\/01\/ic_chromebook_bookmarks_pohjantahti.jpg\" alt=\"\" loading=\"lazy\" \/>\n\t\t\t\t<\/picture>\n\t\t\t\t<div class=\"spectra-image-gallery__media-thumbnail-blurrer\"><\/div>\n\t\t\t\t\t\t\t\t\t\t\t<div class=\"spectra-image-gallery__media-thumbnail-caption-wrapper spectra-image-gallery__media-thumbnail-caption-wrapper--overlay\">\n\t\t\t\t\t\t\t\t\t\t\t<div class=\"spectra-image-gallery__media-thumbnail-caption spectra-image-gallery__media-thumbnail-caption--overlay\">\n\t\t\t\t\tPohjant\u00e4hti\t\t\t\t<\/div>\n\t\t\t\t\t\t\t\t\t\t<\/div>\n\t\t\t\t\t\t\t\t\t<\/div>\n\t\t\t\t\t\t<\/div>\n\t\t\t\t\t\t<div class='spectra-image-gallery__media-wrapper' data-spectra-gallery-image-id='13641'>\n\t\t\t\t\t\t\t<div class=\"spectra-image-gallery__media spectra-image-gallery__media--carousel\">\n\t\t\t\t<picture>\n\t\t\t\t\t<source media=\"(min-width: 1024px)\" srcset=\"https:\/\/www.incar.fi\/media\/2017\/11\/ic-fennia-new.jpg\">\n\t\t\t\t\t<source media=\"(min-width: 768px)\" srcset=\"https:\/\/www.incar.fi\/media\/2017\/11\/ic-fennia-new.jpg\">\n\t\t\t\t\t<img decoding=\"async\" class=\"spectra-image-gallery__media-thumbnail spectra-image-gallery__media-thumbnail--carousel\" src=\"https:\/\/www.incar.fi\/media\/2017\/11\/ic-fennia-new.jpg\" alt=\"Fennia\" loading=\"lazy\" \/>\n\t\t\t\t<\/picture>\n\t\t\t\t<div class=\"spectra-image-gallery__media-thumbnail-blurrer\"><\/div>\n\t\t\t\t\t\t\t\t\t\t\t<div class=\"spectra-image-gallery__media-thumbnail-caption-wrapper spectra-image-gallery__media-thumbnail-caption-wrapper--overlay\">\n\t\t\t\t\t\t\t\t\t\t\t<div class=\"spectra-image-gallery__media-thumbnail-caption spectra-image-gallery__media-thumbnail-caption--overlay\">\n\t\t\t\t\tFennia\t\t\t\t<\/div>\n\t\t\t\t\t\t\t\t\t\t<\/div>\n\t\t\t\t\t\t\t\t\t<\/div>\n\t\t\t\t\t\t<\/div>\n\t\t\t\t\t\t<div class='spectra-image-gallery__media-wrapper' data-spectra-gallery-image-id='2066'>\n\t\t\t\t\t\t\t<div class=\"spectra-image-gallery__media spectra-image-gallery__media--carousel\">\n\t\t\t\t<picture>\n\t\t\t\t\t<source media=\"(min-width: 1024px)\" srcset=\"https:\/\/www.incar.fi\/media\/2020\/01\/ic_chromebook_bookmarks_turva.jpg\">\n\t\t\t\t\t<source media=\"(min-width: 768px)\" srcset=\"https:\/\/www.incar.fi\/media\/2020\/01\/ic_chromebook_bookmarks_turva.jpg\">\n\t\t\t\t\t<img decoding=\"async\" class=\"spectra-image-gallery__media-thumbnail spectra-image-gallery__media-thumbnail--carousel\" src=\"https:\/\/www.incar.fi\/media\/2020\/01\/ic_chromebook_bookmarks_turva.jpg\" alt=\"Turva\" loading=\"lazy\" \/>\n\t\t\t\t<\/picture>\n\t\t\t\t<div class=\"spectra-image-gallery__media-thumbnail-blurrer\"><\/div>\n\t\t\t\t\t\t\t\t\t\t\t<div class=\"spectra-image-gallery__media-thumbnail-caption-wrapper spectra-image-gallery__media-thumbnail-caption-wrapper--overlay\">\n\t\t\t\t\t\t\t\t\t\t\t<div class=\"spectra-image-gallery__media-thumbnail-caption spectra-image-gallery__media-thumbnail-caption--overlay\">\n\t\t\t\t\tTurva\t\t\t\t<\/div>\n\t\t\t\t\t\t\t\t\t\t<\/div>\n\t\t\t\t\t\t\t\t\t<\/div>\n\t\t\t\t\t\t<\/div>\n\t\t\t\t\t\t\t\t\t\t\t<\/div>\n\t\t\t\t\t\t\t<\/div>\n\t\t\t\t\t\t\t\t\t\t\t<\/div>\n\t\t\t\t\t\t\t\t\t<\/div><\/div>\n<\/div>\n<\/div><\/div>\n","protected":false},"featured_media":13205,"menu_order":3,"template":"","meta":{"_uag_custom_page_level_css":"","site-sidebar-layout":"no-sidebar","site-content-layout":"default","ast-site-content-layout":"full-width-container","site-content-style":"default","site-sidebar-style":"default","ast-global-header-display":"","ast-banner-title-visibility":"","ast-main-header-display":"","ast-hfb-above-header-display":"","ast-hfb-below-header-display":"","ast-hfb-mobile-header-display":"","site-post-title":"disabled","ast-breadcrumbs-content":"","ast-featured-img":"disabled","footer-sml-layout":"","ast-disable-related-posts":"","theme-transparent-header-meta":"disabled","adv-header-id-meta":"5781","stick-header-meta":"disabled","header-above-stick-meta":"","header-main-stick-meta":"","header-below-stick-meta":"","astra-migrate-meta-layouts":"default","ast-page-background-enabled":"default","ast-page-background-meta":{"desktop":{"background-color":"","background-image":"","background-repeat":"repeat","background-position":"center center","background-size":"auto","background-attachment":"scroll","background-type":"","background-media":"","overlay-type":"","overlay-color":"","overlay-opacity":"","overlay-gradient":""},"tablet":{"background-color":"","background-image":"","background-repeat":"repeat","background-position":"center center","background-size":"auto","background-attachment":"scroll","background-type":"","background-media":"","overlay-type":"","overlay-color":"","overlay-opacity":"","overlay-gradient":""},"mobile":{"background-color":"","background-image":"","background-repeat":"repeat","background-position":"center center","background-size":"auto","background-attachment":"scroll","background-type":"","background-media":"","overlay-type":"","overlay-color":"","overlay-opacity":"","overlay-gradient":""}},"ast-content-background-meta":{"desktop":{"background-color":"var(--ast-global-color-5)","background-image":"","background-repeat":"repeat","background-position":"center center","background-size":"auto","background-attachment":"scroll","background-type":"","background-media":"","overlay-type":"","overlay-color":"","overlay-opacity":"","overlay-gradient":""},"tablet":{"background-color":"var(--ast-global-color-5)","background-image":"","background-repeat":"repeat","background-position":"center center","background-size":"auto","background-attachment":"scroll","background-type":"","background-media":"","overlay-type":"","overlay-color":"","overlay-opacity":"","overlay-gradient":""},"mobile":{"background-color":"var(--ast-global-color-5)","background-image":"","background-repeat":"repeat","background-position":"center center","background-size":"auto","background-attachment":"scroll","background-type":"","background-media":"","overlay-type":"","overlay-color":"","overlay-opacity":"","overlay-gradient":""}}},"class_list":["post-11959","palvelu","type-palvelu","status-publish","has-post-thumbnail","hentry"],"aioseo_notices":[],"uagb_featured_image_src":{"full":["https:\/\/www.incar.fi\/media\/2025\/03\/InCar_Videolle_PB_Final_2-1606-1071.jpg",1606,1071,false],"thumbnail":["https:\/\/www.incar.fi\/media\/2025\/03\/InCar_Videolle_PB_Final_2-1606-1071-400x267.jpg",400,267,true],"medium":["https:\/\/www.incar.fi\/media\/2025\/03\/InCar_Videolle_PB_Final_2-1606-1071-800x533.jpg",800,533,true],"medium_large":["https:\/\/www.incar.fi\/media\/2025\/03\/InCar_Videolle_PB_Final_2-1606-1071-768x512.jpg",768,512,true],"large":["https:\/\/www.incar.fi\/media\/2025\/03\/InCar_Videolle_PB_Final_2-1606-1071-1200x800.jpg",1200,800,true],"1536x1536":["https:\/\/www.incar.fi\/media\/2025\/03\/InCar_Videolle_PB_Final_2-1606-1071-1536x1024.jpg",1536,1024,true],"2048x2048":["https:\/\/www.incar.fi\/media\/2025\/03\/InCar_Videolle_PB_Final_2-1606-1071.jpg",1606,1071,false],"gform-image-choice-sm":["https:\/\/www.incar.fi\/media\/2025\/03\/InCar_Videolle_PB_Final_2-1606-1071.jpg",300,200,false],"gform-image-choice-md":["https:\/\/www.incar.fi\/media\/2025\/03\/InCar_Videolle_PB_Final_2-1606-1071.jpg",400,267,false],"gform-image-choice-lg":["https:\/\/www.incar.fi\/media\/2025\/03\/InCar_Videolle_PB_Final_2-1606-1071.jpg",600,400,false]},"uagb_author_info":{"display_name":"Lauri Aaltonen","author_link":"https:\/\/www.incar.fi\/sv\/author\/"},"uagb_comment_info":0,"uagb_excerpt":"Byte av vindruta \u2013 n\u00e4r reparation inte r\u00e4cker Om bilens vindruta spricker eller skadas kraftigt kan glaset beh\u00f6va bytas. Vindrutan \u00e4r en del av bilens b\u00e4rande konstruktion, d\u00e4rf\u00f6r \u00e4r ett [&hellip;]","_links":{"self":[{"href":"https:\/\/www.incar.fi\/sv\/wp-json\/wp\/v2\/palvelu\/11959","targetHints":{"allow":["GET"]}}],"collection":[{"href":"https:\/\/www.incar.fi\/sv\/wp-json\/wp\/v2\/palvelu"}],"about":[{"href":"https:\/\/www.incar.fi\/sv\/wp-json\/wp\/v2\/types\/palvelu"}],"wp:featuredmedia":[{"embeddable":true,"href":"https:\/\/www.incar.fi\/sv\/wp-json\/wp\/v2\/media\/13205"}],"wp:attachment":[{"href":"https:\/\/www.incar.fi\/sv\/wp-json\/wp\/v2\/media?parent=11959"}],"curies":[{"name":"wp","href":"https:\/\/api.w.org\/{rel}","templated":true}]}}